{"id":565,"date":"2019-03-22T22:35:20","date_gmt":"2019-03-22T21:35:20","guid":{"rendered":"https:\/\/filmarchitektura.cz\/kontakt\/"},"modified":"2026-01-21T18:11:58","modified_gmt":"2026-01-21T17:11:58","slug":"contact","status":"publish","type":"page","link":"https:\/\/filmarchitektura.cz\/en\/contact\/","title":{"rendered":"Contact"},"content":{"rendered":"<div class=\"vc_row wpb_row vc_row-fluid\">\n<div class=\"wpb_column vc_column_container vc_col-sm-4\">\n<div class=\"vc_column-inner \">\n<div class=\"wpb_wrapper\">\n<div class=\"wpb_text_column wpb_content_element \">\n<h3><\/h3>\n<h3><img loading=\"lazy\" decoding=\"async\" class=\"alignnone wp-image-1777\" src=\"https:\/\/filmarchitektura.cz\/wp-content\/uploads\/2021\/04\/dsc03828-1024x684.jpg\" alt=\"\" width=\"536\" height=\"358\" \/><\/h3>\n<h1><\/h1>\n<h3>Karol\u00edna Vackov\u00e1<\/h3>\n<div class=\"wpb_wrapper\">\n<p><em>kur\u00e1torka<\/em><\/p>\n<p>program@filmarchitektura.cz<br \/>\n+420 736 611 103<\/p>\n<\/div>\n<\/div>\n<\/div>\n<\/div>\n<\/div>\n<div class=\"wpb_column vc_column_container vc_col-sm-4\">\n<div class=\"vc_column-inner \">\n<div class=\"wpb_wrapper\">\n<div class=\"wpb_text_column wpb_content_element \">\n<div class=\"wpb_wrapper\">\n<h3>V\u00e1clav \u0160ev\u010d\u00edk<\/h3>\n<p><em>koordin\u00e1tor<\/em><\/p>\n<p>produkce@filmarchitektura.cz<br \/>\n+420 723 585 546<\/p>\n<\/div>\n<\/div>\n<div class=\"wpb_text_column wpb_content_element \">\n<div class=\"wpb_wrapper\">\n<h3><img loading=\"lazy\" decoding=\"async\" class=\"alignnone wp-image-392 size-thumbnail\" style=\"font-size: 16px;\" src=\"https:\/\/filmarchitektura.cz\/wp-content\/uploads\/2019\/07\/fa_lg_black-150x150.jpg\" alt=\"\" width=\"150\" height=\"150\" srcset=\"https:\/\/filmarchitektura.cz\/wp-content\/uploads\/2019\/07\/fa_lg_black-150x150.jpg 150w, https:\/\/filmarchitektura.cz\/wp-content\/uploads\/2019\/07\/fa_lg_black-300x300.jpg 300w, https:\/\/filmarchitektura.cz\/wp-content\/uploads\/2019\/07\/fa_lg_black-500x500.jpg 500w, https:\/\/filmarchitektura.cz\/wp-content\/uploads\/2019\/07\/fa_lg_black-120x120.jpg 120w, https:\/\/filmarchitektura.cz\/wp-content\/uploads\/2019\/07\/fa_lg_black-200x200.jpg 200w, https:\/\/filmarchitektura.cz\/wp-content\/uploads\/2019\/07\/fa_lg_black.jpg 591w\" sizes=\"auto, (max-width: 150px) 100vw, 150px\" \/><\/h3>\n<p>&nbsp;<\/p>\n<p><strong>Po\u0159adatel<\/strong><\/p>\n<\/div>\n<\/div>\n<\/div>\n<\/div>\n<\/div>\n<\/div>\n<div class=\"vc_row wpb_row vc_row-fluid\">\n<div class=\"wpb_column vc_column_container vc_col-sm-4\">\n<div class=\"vc_column-inner \">\n<div class=\"wpb_wrapper\">\n<div class=\"wpb_text_column wpb_content_element \">\n<div class=\"wpb_wrapper\"><strong>KRUH, z. s.<\/strong><\/div>\n<div class=\"wpb_wrapper\">\n<h4><\/h4>\n<h4>Marcela Steinbachov\u00e1<\/h4>\n<p><em>\u0159editelka spolku KRUH<\/em><\/p>\n<p>steinb@post.cz<br \/>\n+420 776 565 180<\/p>\n<div class=\"vc_row wpb_row vc_row-fluid\">\n<div class=\"wpb_column vc_column_container vc_col-sm-12\">\n<div class=\"vc_column-inner \">\n<div class=\"wpb_wrapper\">\n<div class=\"wpb_text_column wpb_content_element \">\n<div class=\"wpb_wrapper\">\n<p><a href=\"https:\/\/www.kruh.info\/\">www.kruh.info<\/a><br \/>\n<a href=\"https:\/\/www.denarchitektury.cz\/\">www.denarchitektury.cz<\/a><\/p>\n<\/div>\n<\/div>\n<\/div>\n<\/div>\n<\/div>\n<\/div>\n<div class=\"vc_row wpb_row vc_row-fluid\">\n<div class=\"wpb_column vc_column_container vc_col-sm-6\">\n<div class=\"vc_column-inner \">\n<div class=\"wpb_wrapper\">\n<div class=\"wpb_text_column wpb_content_element \">\n<div class=\"wpb_wrapper\">\n<p><img loading=\"lazy\" decoding=\"async\" class=\"alignnone wp-image-237 size-thumbnail\" src=\"https:\/\/filmarchitektura.cz\/wp-content\/uploads\/2019\/03\/kruh_logo-150x150.png\" alt=\"\" width=\"150\" height=\"150\" srcset=\"https:\/\/filmarchitektura.cz\/wp-content\/uploads\/2019\/03\/kruh_logo-150x150.png 150w, https:\/\/filmarchitektura.cz\/wp-content\/uploads\/2019\/03\/kruh_logo-300x300.png 300w, https:\/\/filmarchitektura.cz\/wp-content\/uploads\/2019\/03\/kruh_logo-500x500.png 500w, https:\/\/filmarchitektura.cz\/wp-content\/uploads\/2019\/03\/kruh_logo-120x120.png 120w, https:\/\/filmarchitektura.cz\/wp-content\/uploads\/2019\/03\/kruh_logo-200x200.png 200w, https:\/\/filmarchitektura.cz\/wp-content\/uploads\/2019\/03\/kruh_logo.png 504w\" sizes=\"auto, (max-width: 150px) 100vw, 150px\" \/><\/p>\n<p><strong>Kontaktn\u00ed adresa:<\/strong><br \/>\nBlanick\u00e1 9<br \/>\n120 00 Praha 2<\/p>\n<\/div>\n<\/div>\n<\/div>\n<\/div>\n<\/div>\n<div class=\"wpb_column vc_column_container vc_col-sm-6\">\n<div class=\"vc_column-inner \">\n<div class=\"wpb_wrapper\">\n<div class=\"wpb_text_column wpb_content_element \">\n<div class=\"wpb_wrapper\">\n<p><strong>Faktura\u010dn\u00ed adresa:<\/strong><br \/>\nLond\u00fdnsk\u00e1 54<br \/>\n120 00 Praha 2<br \/>\nI\u010cO 26537389<br \/>\nDI\u010c CZ 26537389<\/p>\n<\/div>\n<\/div>\n<\/div>\n<\/div>\n<\/div>\n<\/div>\n<\/div>\n<\/div>\n<\/div>\n<\/div>\n<\/div>\n<\/div>\n","protected":false},"excerpt":{"rendered":"<p>Karol\u00edna Vackov\u00e1 kur\u00e1torka program@filmarchitektura.cz +420 736 611 103 V\u00e1clav \u0160ev\u010d\u00edk koordin\u00e1tor produkce@filmarchitektura.cz +420 723 585 546 &nbsp; Po\u0159adatel KRUH, z. s. Marcela Steinbachov\u00e1 \u0159editelka spolku KRUH steinb@post.cz +420 776 565 180 www.kruh.info www.denarchitektury.cz Kontaktn\u00ed adresa: Blanick\u00e1 9 120 00 Praha 2 Faktura\u010dn\u00ed adresa: Lond\u00fdnsk\u00e1 54 120 00 Praha 2 I\u010cO 26537389 DI\u010c CZ 26537389<\/p>\n","protected":false},"author":1,"featured_media":0,"parent":0,"menu_order":0,"comment_status":"closed","ping_status":"closed","template":"about-us.php","meta":{"_acf_changed":false,"footnotes":""},"class_list":["post-565","page","type-page","status-publish","hentry"],"acf":[],"yoast_head":"<!-- This site is optimized with the Yoast SEO plugin v26.3 - https:\/\/yoast.com\/wordpress\/plugins\/seo\/ -->\n<title>Contact &#8212; Festival Film a architektura<\/title>\n<meta name=\"robots\" content=\"index, follow, max-snippet:-1, max-image-preview:large, max-video-preview:-1\" \/>\n<link rel=\"canonical\" href=\"https:\/\/filmarchitektura.cz\/en\/contact\/\" \/>\n<meta property=\"og:locale\" content=\"en_US\" \/>\n<meta property=\"og:type\" content=\"article\" \/>\n<meta property=\"og:title\" content=\"Contact &#8212; Festival Film a architektura\" \/>\n<meta property=\"og:description\" content=\"Karol\u00edna Vackov\u00e1 kur\u00e1torka program@filmarchitektura.cz +420 736 611 103 V\u00e1clav \u0160ev\u010d\u00edk koordin\u00e1tor produkce@filmarchitektura.cz +420 723 585 546 &nbsp; Po\u0159adatel KRUH, z. s. Marcela Steinbachov\u00e1 \u0159editelka spolku KRUH steinb@post.cz +420 776 565 180 www.kruh.info www.denarchitektury.cz Kontaktn\u00ed adresa: Blanick\u00e1 9 120 00 Praha 2 Faktura\u010dn\u00ed adresa: Lond\u00fdnsk\u00e1 54 120 00 Praha 2 I\u010cO 26537389 DI\u010c CZ 26537389\" \/>\n<meta property=\"og:url\" content=\"https:\/\/filmarchitektura.cz\/en\/contact\/\" \/>\n<meta property=\"og:site_name\" content=\"Festival Film a architektura\" \/>\n<meta property=\"article:publisher\" content=\"https:\/\/www.facebook.com\/www.denarchitektury.cz\/\" \/>\n<meta property=\"article:modified_time\" content=\"2026-01-21T17:11:58+00:00\" \/>\n<meta name=\"twitter:card\" content=\"summary_large_image\" \/>\n<meta name=\"twitter:label1\" content=\"Est. reading time\" \/>\n\t<meta name=\"twitter:data1\" content=\"1 minute\" \/>\n<script type=\"application\/ld+json\" class=\"yoast-schema-graph\">{\"@context\":\"https:\/\/schema.org\",\"@graph\":[{\"@type\":\"WebPage\",\"@id\":\"https:\/\/filmarchitektura.cz\/en\/contact\/\",\"url\":\"https:\/\/filmarchitektura.cz\/en\/contact\/\",\"name\":\"Contact &#8212; Festival Film a architektura\",\"isPartOf\":{\"@id\":\"https:\/\/filmarchitektura.cz\/#website\"},\"primaryImageOfPage\":{\"@id\":\"https:\/\/filmarchitektura.cz\/en\/contact\/#primaryimage\"},\"image\":{\"@id\":\"https:\/\/filmarchitektura.cz\/en\/contact\/#primaryimage\"},\"thumbnailUrl\":\"https:\/\/filmarchitektura.cz\/wp-content\/uploads\/2021\/04\/dsc03828-1024x684.jpg\",\"datePublished\":\"2019-03-22T21:35:20+00:00\",\"dateModified\":\"2026-01-21T17:11:58+00:00\",\"breadcrumb\":{\"@id\":\"https:\/\/filmarchitektura.cz\/en\/contact\/#breadcrumb\"},\"inLanguage\":\"en-US\",\"potentialAction\":[{\"@type\":\"ReadAction\",\"target\":[\"https:\/\/filmarchitektura.cz\/en\/contact\/\"]}]},{\"@type\":\"ImageObject\",\"inLanguage\":\"en-US\",\"@id\":\"https:\/\/filmarchitektura.cz\/en\/contact\/#primaryimage\",\"url\":\"https:\/\/filmarchitektura.cz\/wp-content\/uploads\/2021\/04\/dsc03828-1024x684.jpg\",\"contentUrl\":\"https:\/\/filmarchitektura.cz\/wp-content\/uploads\/2021\/04\/dsc03828-1024x684.jpg\"},{\"@type\":\"BreadcrumbList\",\"@id\":\"https:\/\/filmarchitektura.cz\/en\/contact\/#breadcrumb\",\"itemListElement\":[{\"@type\":\"ListItem\",\"position\":1,\"name\":\"Dom\u016f\",\"item\":\"https:\/\/filmarchitektura.cz\/en\/uvodni-stranka\/\"},{\"@type\":\"ListItem\",\"position\":2,\"name\":\"Contact\"}]},{\"@type\":\"WebSite\",\"@id\":\"https:\/\/filmarchitektura.cz\/#website\",\"url\":\"https:\/\/filmarchitektura.cz\/\",\"name\":\"Festival Film a architektura\",\"description\":\"29. 9. \u2013 4. 10. 2023\",\"potentialAction\":[{\"@type\":\"SearchAction\",\"target\":{\"@type\":\"EntryPoint\",\"urlTemplate\":\"https:\/\/filmarchitektura.cz\/?s={search_term_string}\"},\"query-input\":{\"@type\":\"PropertyValueSpecification\",\"valueRequired\":true,\"valueName\":\"search_term_string\"}}],\"inLanguage\":\"en-US\"}]}<\/script>\n<!-- \/ Yoast SEO plugin. -->","yoast_head_json":{"title":"Contact &#8212; Festival Film a architektura","robots":{"index":"index","follow":"follow","max-snippet":"max-snippet:-1","max-image-preview":"max-image-preview:large","max-video-preview":"max-video-preview:-1"},"canonical":"https:\/\/filmarchitektura.cz\/en\/contact\/","og_locale":"en_US","og_type":"article","og_title":"Contact &#8212; Festival Film a architektura","og_description":"Karol\u00edna Vackov\u00e1 kur\u00e1torka program@filmarchitektura.cz +420 736 611 103 V\u00e1clav \u0160ev\u010d\u00edk koordin\u00e1tor produkce@filmarchitektura.cz +420 723 585 546 &nbsp; Po\u0159adatel KRUH, z. s. Marcela Steinbachov\u00e1 \u0159editelka spolku KRUH steinb@post.cz +420 776 565 180 www.kruh.info www.denarchitektury.cz Kontaktn\u00ed adresa: Blanick\u00e1 9 120 00 Praha 2 Faktura\u010dn\u00ed adresa: Lond\u00fdnsk\u00e1 54 120 00 Praha 2 I\u010cO 26537389 DI\u010c CZ 26537389","og_url":"https:\/\/filmarchitektura.cz\/en\/contact\/","og_site_name":"Festival Film a architektura","article_publisher":"https:\/\/www.facebook.com\/www.denarchitektury.cz\/","article_modified_time":"2026-01-21T17:11:58+00:00","twitter_card":"summary_large_image","twitter_misc":{"Est. reading time":"1 minute"},"schema":{"@context":"https:\/\/schema.org","@graph":[{"@type":"WebPage","@id":"https:\/\/filmarchitektura.cz\/en\/contact\/","url":"https:\/\/filmarchitektura.cz\/en\/contact\/","name":"Contact &#8212; Festival Film a architektura","isPartOf":{"@id":"https:\/\/filmarchitektura.cz\/#website"},"primaryImageOfPage":{"@id":"https:\/\/filmarchitektura.cz\/en\/contact\/#primaryimage"},"image":{"@id":"https:\/\/filmarchitektura.cz\/en\/contact\/#primaryimage"},"thumbnailUrl":"https:\/\/filmarchitektura.cz\/wp-content\/uploads\/2021\/04\/dsc03828-1024x684.jpg","datePublished":"2019-03-22T21:35:20+00:00","dateModified":"2026-01-21T17:11:58+00:00","breadcrumb":{"@id":"https:\/\/filmarchitektura.cz\/en\/contact\/#breadcrumb"},"inLanguage":"en-US","potentialAction":[{"@type":"ReadAction","target":["https:\/\/filmarchitektura.cz\/en\/contact\/"]}]},{"@type":"ImageObject","inLanguage":"en-US","@id":"https:\/\/filmarchitektura.cz\/en\/contact\/#primaryimage","url":"https:\/\/filmarchitektura.cz\/wp-content\/uploads\/2021\/04\/dsc03828-1024x684.jpg","contentUrl":"https:\/\/filmarchitektura.cz\/wp-content\/uploads\/2021\/04\/dsc03828-1024x684.jpg"},{"@type":"BreadcrumbList","@id":"https:\/\/filmarchitektura.cz\/en\/contact\/#breadcrumb","itemListElement":[{"@type":"ListItem","position":1,"name":"Dom\u016f","item":"https:\/\/filmarchitektura.cz\/en\/uvodni-stranka\/"},{"@type":"ListItem","position":2,"name":"Contact"}]},{"@type":"WebSite","@id":"https:\/\/filmarchitektura.cz\/#website","url":"https:\/\/filmarchitektura.cz\/","name":"Festival Film a architektura","description":"29. 9. \u2013 4. 10. 2023","potentialAction":[{"@type":"SearchAction","target":{"@type":"EntryPoint","urlTemplate":"https:\/\/filmarchitektura.cz\/?s={search_term_string}"},"query-input":{"@type":"PropertyValueSpecification","valueRequired":true,"valueName":"search_term_string"}}],"inLanguage":"en-US"}]}},"_links":{"self":[{"href":"https:\/\/filmarchitektura.cz\/en\/wp-json\/wp\/v2\/pages\/565","targetHints":{"allow":["GET"]}}],"collection":[{"href":"https:\/\/filmarchitektura.cz\/en\/wp-json\/wp\/v2\/pages"}],"about":[{"href":"https:\/\/filmarchitektura.cz\/en\/wp-json\/wp\/v2\/types\/page"}],"author":[{"embeddable":true,"href":"https:\/\/filmarchitektura.cz\/en\/wp-json\/wp\/v2\/users\/1"}],"replies":[{"embeddable":true,"href":"https:\/\/filmarchitektura.cz\/en\/wp-json\/wp\/v2\/comments?post=565"}],"version-history":[{"count":13,"href":"https:\/\/filmarchitektura.cz\/en\/wp-json\/wp\/v2\/pages\/565\/revisions"}],"predecessor-version":[{"id":7786,"href":"https:\/\/filmarchitektura.cz\/en\/wp-json\/wp\/v2\/pages\/565\/revisions\/7786"}],"wp:attachment":[{"href":"https:\/\/filmarchitektura.cz\/en\/wp-json\/wp\/v2\/media?parent=565"}],"curies":[{"name":"wp","href":"https:\/\/api.w.org\/{rel}","templated":true}]}}